{"id":11,"date":"2015-12-14T04:11:26","date_gmt":"2015-12-14T04:11:26","guid":{"rendered":"http:\/\/theme-fusion.com\/avada\/medical\/?page_id=11"},"modified":"2020-08-25T19:40:33","modified_gmt":"2020-08-25T19:40:33","slug":"artigos","status":"publish","type":"page","link":"https:\/\/www.sofiasoarespereira.com\/blog\/artigos\/","title":{"rendered":"Artigos"},"content":{"rendered":"<p><div class=\"fusion-bg-parallax\" data-bg-align=\"left top\" data-direction=\"right\" data-mute=\"false\" data-opacity=\"100\" data-velocity=\"-0.4\" data-mobile-enabled=\"false\" data-break_parents=\"0\" data-bg-image=\"https:\/\/www.sofiasoarespereira.com\/blog\/wp-content\/uploads\/2016\/01\/header-image-articles.jpg\" data-bg-repeat=\"false\" ><\/div><div class=\"fusion-fullwidth fullwidth-box fusion-builder-row-1 fusion-flex-container fusion-parallax-right nonhundred-percent-fullwidth non-hundred-percent-height-scrolling\" style=\"--awb-background-position:left top;--awb-border-sizes-top:0px;--awb-border-sizes-bottom:0px;--awb-border-sizes-left:0px;--awb-border-sizes-right:0px;--awb-border-radius-top-left:0px;--awb-border-radius-top-right:0px;--awb-border-radius-bottom-right:0px;--awb-border-radius-bottom-left:0px;--awb-padding-top:10%;--awb-padding-right:5%;--awb-padding-bottom:10%;--awb-padding-left:5%;--awb-background-image:url(&quot;https:\/\/www.sofiasoarespereira.com\/blog\/wp-content\/uploads\/2016\/01\/header-image-articles.jpg&quot;);--awb-background-size:cover;--awb-flex-wrap:wrap;\" ><div class=\"fusion-builder-row fusion-row fusion-flex-align-items-flex-start fusion-flex-content-wrap\" style=\"max-width:calc( 1170px + 0px );margin-left: calc(-0px \/ 2 );margin-right: calc(-0px \/ 2 );\"><div class=\"fusion-layout-column fusion_builder_column fusion-builder-column-0 fusion_builder_column_1_1 1_1 fusion-flex-column\" style=\"--awb-bg-size:cover;--awb-width-large:100%;--awb-margin-top-large:0px;--awb-spacing-right-large:0px;--awb-margin-bottom-large:30px;--awb-spacing-left-large:0px;--awb-width-medium:100%;--awb-spacing-right-medium:0px;--awb-spacing-left-medium:0px;--awb-width-small:100%;--awb-spacing-right-small:0px;--awb-spacing-left-small:0px;\"><div class=\"fusion-column-wrapper fusion-flex-justify-content-flex-start fusion-content-layout-column\"><div class=\"fusion-title title fusion-title-1 fusion-sep-none fusion-title-center fusion-title-text fusion-title-size-one\" style=\"--awb-text-color:#ffffff;--awb-margin-top:50px;--awb-margin-bottom:30px;--awb-margin-top-medium:20px;\"><h1 class=\"fusion-title-heading title-heading-center fusion-responsive-typography-calculated\" style=\"margin:0;--fontSize:80;line-height:1;\">Artigos sobre <span style=\"color: #3bafbf;\">Sa\u00fade Mental<\/span><\/h1><\/div><div class=\"fusion-text fusion-text-1\" style=\"--awb-content-alignment:center;--awb-font-size:26px;--awb-line-height:36px;--awb-text-color:#ffffff;\"><p>Disponibilizamos para si informa\u00e7\u00e3o \u00fatil sobre diversos temas de sa\u00fade mental.<\/p>\n<\/div><a class=\"fb-icon-element-1 fb-icon-element fontawesome-icon fa-angle-down fas circle-no fusion-animated fusion-link fusion-one-page-text-link\" style=\"--awb-iconcolor-hover:#3bafbf;--awb-font-size:70px;--awb-margin-top:0;--awb-margin-right:0;--awb-margin-bottom:0;--awb-margin-left:0;--awb-align-self:center;\" data-animationType=\"fadeInUp\" data-animationDuration=\"0.6\" data-animationOffset=\"top-into-view\" href=\"#artigos\" aria-label=\"Link to #artigos\" target=\"_self\"><\/a><\/div><\/div><\/div><\/div><div id=\"artigos\" class=\"fusion-container-anchor\"><div class=\"fusion-fullwidth fullwidth-box fusion-builder-row-2 fusion-flex-container nonhundred-percent-fullwidth non-hundred-percent-height-scrolling\" style=\"--awb-background-position:left top;--awb-border-sizes-top:0px;--awb-border-sizes-bottom:0px;--awb-border-sizes-left:0px;--awb-border-sizes-right:0px;--awb-border-radius-top-left:0px;--awb-border-radius-top-right:0px;--awb-border-radius-bottom-right:0px;--awb-border-radius-bottom-left:0px;--awb-padding-top:100px;--awb-padding-bottom:100px;--awb-flex-wrap:wrap;\" ><div class=\"fusion-builder-row fusion-row fusion-flex-align-items-flex-start fusion-flex-content-wrap\" style=\"max-width:calc( 1170px + 0px );margin-left: calc(-0px \/ 2 );margin-right: calc(-0px \/ 2 );\"><div class=\"fusion-layout-column fusion_builder_column fusion-builder-column-1 fusion_builder_column_1_1 1_1 fusion-flex-column fusion-flex-align-self-flex-start fusion-column-no-min-height\" style=\"--awb-bg-size:cover;--awb-width-large:100%;--awb-margin-top-large:0px;--awb-spacing-right-large:0px;--awb-margin-bottom-large:0px;--awb-spacing-left-large:0px;--awb-width-medium:100%;--awb-spacing-right-medium:0px;--awb-spacing-left-medium:0px;--awb-width-small:100%;--awb-spacing-right-small:0px;--awb-spacing-left-small:0px;\"><div class=\"fusion-column-wrapper fusion-flex-justify-content-flex-start fusion-content-layout-column\"><div class=\"fusion-blog-shortcode fusion-blog-shortcode-1 fusion-blog-archive fusion-blog-layout-grid-wrapper fusion-blog-infinite\"><style type=\"text\/css\">.fusion-blog-shortcode-1 .fusion-blog-layout-grid .fusion-post-grid{padding:20px;}.fusion-blog-shortcode-1 .fusion-posts-container{margin-left: -20px !important; margin-right:-20px !important;}<\/style><div class=\"fusion-posts-container fusion-posts-container-infinite fusion-blog-rollover fusion-blog-layout-grid fusion-blog-layout-grid-3 isotope\" data-pages=\"5\" data-grid-col-space=\"40\" style=\"margin: -20px -20px 0;min-height:500px;\"><article id=\"blog-1-post-977\" class=\"fusion-post-grid post-977 post type-post status-publish format-standard hentry category-artigos\">\n<div class=\"fusion-post-wrapper\" style=\"background-color:rgba(255,255,255,1);border:1px solid #ebeaea;border-bottom-width:3px;\">\n\n<div class=\"fusion-post-content-wrapper\" style=\"padding:30px 25px 20px 25px;\"><div class=\"fusion-post-content post-content\"><h2 class=\"blog-shortcode-post-title entry-title\"><a href=\"https:\/\/www.sofiasoarespereira.com\/blog\/em-que-situacoes-os-adultos-devem-ser-acompanhadas-por-um-psicologo\/\">Em que situa\u00e7\u00f5es os adultos devem ser acompanhadas por um Psic\u00f3logo?<\/a><\/h2><div class=\"fusion-content-sep sep-single sep-solid\"><\/div><div class=\"fusion-post-content-container\"><p>Possuem crit\u00e9rios para iniciar psicoterapia, adultos que apresentem uma ou mais das seguintes altera\u00e7\u00f5es [...]<\/p><\/div><\/div><div class=\"fusion-meta-info\"><div class=\"fusion-alignleft\"><a class=\"fusion-read-more\" href=\"https:\/\/www.sofiasoarespereira.com\/blog\/em-que-situacoes-os-adultos-devem-ser-acompanhadas-por-um-psicologo\/\" aria-label=\"More on Em que situa\u00e7\u00f5es os adultos devem ser acompanhadas por um Psic\u00f3logo?\">Read More<\/a><\/div><\/div><\/div><div class=\"fusion-clearfix\"><\/div><\/div>\n<\/article>\n<article id=\"blog-1-post-973\" class=\"fusion-post-grid post-973 post type-post status-publish format-standard hentry category-artigos\">\n<div class=\"fusion-post-wrapper\" style=\"background-color:rgba(255,255,255,1);border:1px solid #ebeaea;border-bottom-width:3px;\">\n\n<div class=\"fusion-post-content-wrapper\" style=\"padding:30px 25px 20px 25px;\"><div class=\"fusion-post-content post-content\"><h2 class=\"blog-shortcode-post-title entry-title\"><a href=\"https:\/\/www.sofiasoarespereira.com\/blog\/em-que-situacoes-aos-casais-e-as-familias-devem-ser-acompanhadas-por-um-psicologo\/\">Em que situa\u00e7\u00f5es aos casais e as fam\u00edlias devem ser acompanhadas por um Psic\u00f3logo?<\/a><\/h2><div class=\"fusion-content-sep sep-single sep-solid\"><\/div><div class=\"fusion-post-content-container\"><p> Possuem crit\u00e9rios para iniciar psicoterapia de casal e de fam\u00edlia, casais e fam\u00edlias [...]<\/p><\/div><\/div><div class=\"fusion-meta-info\"><div class=\"fusion-alignleft\"><a class=\"fusion-read-more\" href=\"https:\/\/www.sofiasoarespereira.com\/blog\/em-que-situacoes-aos-casais-e-as-familias-devem-ser-acompanhadas-por-um-psicologo\/\" aria-label=\"More on Em que situa\u00e7\u00f5es aos casais e as fam\u00edlias devem ser acompanhadas por um Psic\u00f3logo?\">Read More<\/a><\/div><\/div><\/div><div class=\"fusion-clearfix\"><\/div><\/div>\n<\/article>\n<article id=\"blog-1-post-970\" class=\"fusion-post-grid post-970 post type-post status-publish format-standard hentry category-criancas\">\n<div class=\"fusion-post-wrapper\" style=\"background-color:rgba(255,255,255,1);border:1px solid #ebeaea;border-bottom-width:3px;\">\n\n<div class=\"fusion-post-content-wrapper\" style=\"padding:30px 25px 20px 25px;\"><div class=\"fusion-post-content post-content\"><h2 class=\"blog-shortcode-post-title entry-title\"><a href=\"https:\/\/www.sofiasoarespereira.com\/blog\/em-que-situacoes-as-criancas-devem-ser-acompanhadas-por-um-psicologo\/\">Em que situa\u00e7\u00f5es as crian\u00e7as e adolescentes devem ser acompanhadas por um Psic\u00f3logo?<\/a><\/h2><div class=\"fusion-content-sep sep-single sep-solid\"><\/div><div class=\"fusion-post-content-container\"><p>Possuem crit\u00e9rios para iniciar psicoterapia infanto juvenil, crian\u00e7as e adolescentes que apresentem uma ou [...]<\/p><\/div><\/div><div class=\"fusion-meta-info\"><div class=\"fusion-alignleft\"><a class=\"fusion-read-more\" href=\"https:\/\/www.sofiasoarespereira.com\/blog\/em-que-situacoes-as-criancas-devem-ser-acompanhadas-por-um-psicologo\/\" aria-label=\"More on Em que situa\u00e7\u00f5es as crian\u00e7as e adolescentes devem ser acompanhadas por um Psic\u00f3logo?\">Read More<\/a><\/div><\/div><\/div><div class=\"fusion-clearfix\"><\/div><\/div>\n<\/article>\n<article id=\"blog-1-post-129\" class=\"fusion-post-grid post-129 post type-post status-publish format-standard has-post-thumbnail hentry category-adults category-health\">\n<div class=\"fusion-post-wrapper\" style=\"background-color:rgba(255,255,255,1);border:1px solid #ebeaea;border-bottom-width:3px;\">\n\n\t\t\t<div class=\"fusion-flexslider flexslider fusion-flexslider-loading fusion-post-slideshow\" style=\"border-color:#ebeaea;\">\n\t\t<ul class=\"slides\">\n\t\t\t\n\t\t\t\t\t\t\t\t\t\t\t\t\t\t<li><div  class=\"fusion-image-wrapper\" aria-haspopup=\"true\">\n\t\t\t\t<img decoding=\"async\" width=\"740\" height=\"960\" src=\"https:\/\/www.sofiasoarespereira.com\/blog\/wp-content\/uploads\/2015\/12\/article-5.jpg\" class=\"attachment-full size-full wp-post-image\" alt=\"\" \/><div class=\"fusion-rollover\">\n\t<div class=\"fusion-rollover-content\">\n\n\t\t\t\t\t\t\t\t\t\t\t\t\t\t<a class=\"fusion-rollover-link\" href=\"https:\/\/www.sofiasoarespereira.com\/blog\/beautiful-life-with-beautiful-health\/\">Beautiful life with beautiful health<\/a>\n\t\t\t\n\t\t\t\t\t\t\t\t\t\t\t\t\t\t\n\t\t\t\t\t\t\t\t\n\t\t\t\t\t\t\t\t\t\t\t\t\t<div class=\"fusion-rollover-sep\"><\/div>\n\t\t\t\t\n\t\t\t\t\t\t\t\t\t\t\t\t\t\t\t\t\t\t<a class=\"fusion-rollover-gallery\" href=\"https:\/\/www.sofiasoarespereira.com\/blog\/wp-content\/uploads\/2015\/12\/article-5.jpg\" data-id=\"129\" data-rel=\"iLightbox[gallery]\" data-title=\"article-5\" data-caption=\"\">\n\t\t\t\t\t\tGallery\t\t\t\t\t<\/a>\n\t\t\t\t\t\t\t\t\t\t\t\t\t\t\n\t\t\n\t\t\t\t\t\t\t\t\n\t\t\t\t\t\t\t\t\n\t\t\n\t\t\t\t\t\t<a class=\"fusion-link-wrapper\" href=\"https:\/\/www.sofiasoarespereira.com\/blog\/beautiful-life-with-beautiful-health\/\" aria-label=\"Beautiful life with beautiful health\"><\/a>\n\t<\/div>\n<\/div>\n<\/div>\n<\/li>\n\t\t\t\n\t\t\t\n\t\t\t\t\t\t\t\t\t\t\t\t\t\t\t\t\t\t\t\t\t\t\t\t\t\t\t\t\t\t\t\t\t\t\t\t\t\t\t\t\t\t\t\t\t\t\t\t\t\t\t\t\t\t\t\t\t\t\t\t\t\t\t\t\t\t\t\t<\/ul>\n\t<\/div>\n\t<div class=\"fusion-post-content-wrapper\" style=\"padding:30px 25px 20px 25px;\"><div class=\"fusion-post-content post-content\"><h2 class=\"blog-shortcode-post-title entry-title\"><a href=\"https:\/\/www.sofiasoarespereira.com\/blog\/beautiful-life-with-beautiful-health\/\">Beautiful life with beautiful health<\/a><\/h2><div class=\"fusion-content-sep sep-single sep-solid\"><\/div><div class=\"fusion-post-content-container\"><p> Studies show good health is all important There are many variations of passages [...]<\/p><\/div><\/div><div class=\"fusion-meta-info\"><div class=\"fusion-alignleft\"><a class=\"fusion-read-more\" href=\"https:\/\/www.sofiasoarespereira.com\/blog\/beautiful-life-with-beautiful-health\/\" aria-label=\"More on Beautiful life with beautiful health\">Read More<\/a><\/div><\/div><\/div><div class=\"fusion-clearfix\"><\/div><\/div>\n<\/article>\n<article id=\"blog-1-post-188\" class=\"fusion-post-grid post-188 post type-post status-publish format-standard hentry category-artigos\">\n<div class=\"fusion-post-wrapper\" style=\"background-color:rgba(255,255,255,1);border:1px solid #ebeaea;border-bottom-width:3px;\">\n\n<div class=\"fusion-post-content-wrapper\" style=\"padding:30px 25px 20px 25px;\"><div class=\"fusion-post-content post-content\"><h2 class=\"blog-shortcode-post-title entry-title\"><a href=\"https:\/\/www.sofiasoarespereira.com\/blog\/profissao-do-mes-psicologia-na-linha-da-frente\/\">Profiss\u00e3o do m\u00eas: Psicologia na linha da frente<\/a><\/h2><div class=\"fusion-content-sep sep-single sep-solid\"><\/div><div class=\"fusion-post-content-container\"><p>Entrevista para a revista Mais Educativa do m\u00eas de Setembro 2012: Psicologia na linha [...]<\/p><\/div><\/div><div class=\"fusion-meta-info\"><div class=\"fusion-alignleft\"><a class=\"fusion-read-more\" href=\"https:\/\/www.sofiasoarespereira.com\/blog\/profissao-do-mes-psicologia-na-linha-da-frente\/\" aria-label=\"More on Profiss\u00e3o do m\u00eas: Psicologia na linha da frente\">Read More<\/a><\/div><\/div><\/div><div class=\"fusion-clearfix\"><\/div><\/div>\n<\/article>\n<article id=\"blog-1-post-180\" class=\"fusion-post-grid post-180 post type-post status-publish format-standard hentry category-artigos\">\n<div class=\"fusion-post-wrapper\" style=\"background-color:rgba(255,255,255,1);border:1px solid #ebeaea;border-bottom-width:3px;\">\n\n<div class=\"fusion-post-content-wrapper\" style=\"padding:30px 25px 20px 25px;\"><div class=\"fusion-post-content post-content\"><h2 class=\"blog-shortcode-post-title entry-title\"><a href=\"https:\/\/www.sofiasoarespereira.com\/blog\/amores-de-verao\/\">Amores de Ver\u00e3o<\/a><\/h2><div class=\"fusion-content-sep sep-single sep-solid\"><\/div><div class=\"fusion-post-content-container\"><p>Colabora\u00e7\u00e3o com a revista Pais &amp; Filhos do m\u00eas de Agosto 2012 no artigo [...]<\/p><\/div><\/div><div class=\"fusion-meta-info\"><div class=\"fusion-alignleft\"><a class=\"fusion-read-more\" href=\"https:\/\/www.sofiasoarespereira.com\/blog\/amores-de-verao\/\" aria-label=\"More on Amores de Ver\u00e3o\">Read More<\/a><\/div><\/div><\/div><div class=\"fusion-clearfix\"><\/div><\/div>\n<\/article>\n<div class=\"fusion-clearfix\"><\/div><\/div><div class=\"fusion-infinite-scroll-trigger\"><\/div><div class=\"pagination infinite-scroll clearfix\" style=\"display:none;\"><span class=\"current\">1<\/span><a href=\"https:\/\/www.sofiasoarespereira.com\/blog\/wp-json\/wp\/v2\/pages\/11\/page\/2\/\" class=\"inactive\">2<\/a><a class=\"pagination-next\" rel=\"next\" href=\"https:\/\/www.sofiasoarespereira.com\/blog\/wp-json\/wp\/v2\/pages\/11\/page\/2\/\"><span class=\"page-text\">Seguinte<\/span><span class=\"page-next\"><\/span><\/a><\/div><div class=\"fusion-clearfix\"><\/div><\/div><\/div><\/div><\/div><\/div><\/div><div class=\"fusion-bg-parallax\" data-bg-align=\"center center\" data-direction=\"right\" data-mute=\"false\" data-opacity=\"100\" data-velocity=\"-0.5\" data-mobile-enabled=\"false\" data-break_parents=\"0\" data-bg-image=\"https:\/\/www.sofiasoarespereira.com\/blog\/wp-content\/uploads\/2015\/12\/make-an-appointment.jpg\" data-bg-repeat=\"false\" ><\/div><div class=\"fusion-fullwidth fullwidth-box fusion-builder-row-3 fusion-flex-container fusion-parallax-right nonhundred-percent-fullwidth non-hundred-percent-height-scrolling\" style=\"--awb-border-sizes-top:0px;--awb-border-sizes-bottom:0px;--awb-border-sizes-left:0px;--awb-border-sizes-right:0px;--awb-border-radius-top-left:0px;--awb-border-radius-top-right:0px;--awb-border-radius-bottom-right:0px;--awb-border-radius-bottom-left:0px;--awb-padding-top:130px;--awb-padding-bottom:100px;--awb-background-image:url(&quot;https:\/\/www.sofiasoarespereira.com\/blog\/wp-content\/uploads\/2015\/12\/make-an-appointment.jpg&quot;);--awb-background-size:cover;--awb-flex-wrap:wrap;\" ><div class=\"fusion-builder-row fusion-row fusion-flex-align-items-stretch fusion-flex-justify-content-center fusion-flex-content-wrap\" style=\"max-width:1216.8px;margin-left: calc(-4% \/ 2 );margin-right: calc(-4% \/ 2 );\"><div class=\"fusion-layout-column fusion_builder_column fusion-builder-column-2 fusion_builder_column_3_5 3_5 fusion-flex-column\" style=\"--awb-bg-size:cover;--awb-width-large:60%;--awb-margin-top-large:0px;--awb-spacing-right-large:3.84%;--awb-margin-bottom-large:30px;--awb-spacing-left-large:3.2%;--awb-width-medium:80%;--awb-spacing-right-medium:2.88%;--awb-spacing-left-medium:2.4%;--awb-width-small:100%;--awb-spacing-right-small:1.92%;--awb-spacing-left-small:1.92%;\"><div class=\"fusion-column-wrapper fusion-flex-justify-content-flex-start fusion-content-layout-column\"><div class=\"fusion-title title fusion-title-2 fusion-sep-none fusion-title-text fusion-title-size-two\" style=\"--awb-text-color:#ffffff;--awb-margin-bottom:20px;\"><h2 class=\"fusion-title-heading title-heading-left md-text-align-center sm-text-align-center fusion-responsive-typography-calculated\" style=\"margin:0;--fontSize:46;line-height:1.25;\">Marque uma consulta<\/h2><\/div><div class=\"fusion-title title fusion-title-3 fusion-sep-none fusion-title-text fusion-title-size-three\" style=\"--awb-text-color:#ffffff;\"><h3 class=\"fusion-title-heading title-heading-left md-text-align-center sm-text-align-center fusion-responsive-typography-calculated\" style=\"margin:0;--fontSize:22;--minFontSize:22;line-height:2.2;\">Estamos aqui para si. Envie a sua prefer\u00eancia de hor\u00e1rio e entraremos em contacto assim que poss\u00edvel. Se a situa\u00e7\u00e3o for urgente, utilize por favor os contactos telef\u00f3nicos.<\/h3><\/div><\/div><\/div><div class=\"fusion-layout-column fusion_builder_column fusion-builder-column-3 fusion_builder_column_2_5 2_5 fusion-flex-column\" style=\"--awb-bg-size:cover;--awb-width-large:40%;--awb-margin-top-large:0px;--awb-spacing-right-large:4.8%;--awb-margin-bottom-large:30px;--awb-spacing-left-large:3.84%;--awb-width-medium:100%;--awb-spacing-right-medium:1.92%;--awb-spacing-left-medium:1.92%;--awb-width-small:100%;--awb-spacing-right-small:1.92%;--awb-spacing-left-small:1.92%;\"><div class=\"fusion-column-wrapper fusion-flex-justify-content-center fusion-content-layout-column\"><div style=\"text-align:center;\"><a class=\"fusion-button button-flat button-xlarge button-default fusion-button-default button-1 fusion-button-default-span fusion-button-default-type\" style=\"width:calc(100%);\" target=\"_self\" href=\"https:\/\/www.sofiasoarespereira.com\/blog\/make-appointment\/\"><span class=\"fusion-button-text\">MARCAR CONSULTA<\/span><\/a><\/div><\/div><\/div><\/div><\/div><\/p>\n","protected":false},"excerpt":{"rendered":"","protected":false},"author":1,"featured_media":0,"parent":0,"menu_order":0,"comment_status":"closed","ping_status":"closed","template":"100-width.php","meta":{"footnotes":""},"acf":[],"_links":{"self":[{"href":"https:\/\/www.sofiasoarespereira.com\/blog\/wp-json\/wp\/v2\/pages\/11"}],"collection":[{"href":"https:\/\/www.sofiasoarespereira.com\/blog\/wp-json\/wp\/v2\/pages"}],"about":[{"href":"https:\/\/www.sofiasoarespereira.com\/blog\/wp-json\/wp\/v2\/types\/page"}],"author":[{"embeddable":true,"href":"https:\/\/www.sofiasoarespereira.com\/blog\/wp-json\/wp\/v2\/users\/1"}],"replies":[{"embeddable":true,"href":"https:\/\/www.sofiasoarespereira.com\/blog\/wp-json\/wp\/v2\/comments?post=11"}],"version-history":[{"count":7,"href":"https:\/\/www.sofiasoarespereira.com\/blog\/wp-json\/wp\/v2\/pages\/11\/revisions"}],"predecessor-version":[{"id":963,"href":"https:\/\/www.sofiasoarespereira.com\/blog\/wp-json\/wp\/v2\/pages\/11\/revisions\/963"}],"wp:attachment":[{"href":"https:\/\/www.sofiasoarespereira.com\/blog\/wp-json\/wp\/v2\/media?parent=11"}],"curies":[{"name":"wp","href":"https:\/\/api.w.org\/{rel}","templated":true}]}}