{"id":9,"date":"2015-12-14T04:10:44","date_gmt":"2015-12-14T04:10:44","guid":{"rendered":"http:\/\/theme-fusion.com\/avada\/medical\/?page_id=9"},"modified":"2020-10-05T10:56:04","modified_gmt":"2020-10-05T10:56:04","slug":"areas-de-intervencao-psicologica","status":"publish","type":"page","link":"https:\/\/www.sofiasoarespereira.com\/blog\/areas-de-intervencao-psicologica\/","title":{"rendered":"\u00c1reas de Interven\u00e7\u00e3o Psicol\u00f3gica"},"content":{"rendered":"<p><div class=\"fusion-bg-parallax\" data-bg-align=\"left center\" data-direction=\"left\" data-mute=\"false\" data-opacity=\"100\" data-velocity=\"-0.4\" data-mobile-enabled=\"false\" data-break_parents=\"0\" data-bg-image=\"https:\/\/www.sofiasoarespereira.com\/blog\/wp-content\/uploads\/2016\/01\/header-image-departments.jpg\" data-bg-repeat=\"false\" ><\/div><div class=\"fusion-fullwidth fullwidth-box fusion-builder-row-1 fusion-flex-container fusion-parallax-left nonhundred-percent-fullwidth non-hundred-percent-height-scrolling\" style=\"--awb-background-position:left center;--awb-border-sizes-top:0px;--awb-border-sizes-bottom:0px;--awb-border-sizes-left:0px;--awb-border-sizes-right:0px;--awb-border-radius-top-left:0px;--awb-border-radius-top-right:0px;--awb-border-radius-bottom-right:0px;--awb-border-radius-bottom-left:0px;--awb-padding-top:10%;--awb-padding-right:5%;--awb-padding-bottom:10%;--awb-padding-left:5%;--awb-background-image:url(&quot;https:\/\/www.sofiasoarespereira.com\/blog\/wp-content\/uploads\/2016\/01\/header-image-departments.jpg&quot;);--awb-background-size:cover;--awb-flex-wrap:wrap;\" ><div class=\"fusion-builder-row fusion-row fusion-flex-align-items-flex-start fusion-flex-content-wrap\" style=\"max-width:calc( 1170px + 0px );margin-left: calc(-0px \/ 2 );margin-right: calc(-0px \/ 2 );\"><div class=\"fusion-layout-column fusion_builder_column fusion-builder-column-0 fusion_builder_column_1_1 1_1 fusion-flex-column\" style=\"--awb-bg-size:cover;--awb-width-large:100%;--awb-margin-top-large:0px;--awb-spacing-right-large:0px;--awb-margin-bottom-large:30px;--awb-spacing-left-large:0px;--awb-width-medium:100%;--awb-spacing-right-medium:0px;--awb-spacing-left-medium:0px;--awb-width-small:100%;--awb-spacing-right-small:0px;--awb-spacing-left-small:0px;\"><div class=\"fusion-column-wrapper fusion-flex-justify-content-flex-start fusion-content-layout-column\"><div class=\"fusion-title title fusion-title-1 fusion-sep-none fusion-title-center fusion-title-text fusion-title-size-one\" style=\"--awb-text-color:#ffffff;--awb-margin-top:50px;--awb-margin-bottom:30px;--awb-margin-top-medium:20px;\"><h1 class=\"fusion-title-heading title-heading-center fusion-responsive-typography-calculated\" style=\"margin:0;--fontSize:80;line-height:1;\">\u00c1reas de <span style=\"color: #3bafbf;\">Interven\u00e7\u00e3o<\/span><\/h1><\/div><div class=\"fusion-text fusion-text-1\" style=\"--awb-content-alignment:center;--awb-font-size:26px;--awb-line-height:36px;--awb-text-color:#ffffff;\"><p>Cuidar da sa\u00fade mental ao longo do ciclo da vida com humaniza\u00e7\u00e3o, disponibilidade e integridade.<\/p>\n<\/div><a class=\"fb-icon-element-1 fb-icon-element fontawesome-icon fa-angle-down fas circle-no fusion-animated fusion-link fusion-one-page-text-link\" style=\"--awb-iconcolor-hover:#3bafbf;--awb-font-size:70px;--awb-margin-top:0;--awb-margin-right:0;--awb-margin-bottom:0;--awb-margin-left:0;--awb-align-self:center;\" data-animationType=\"fadeInUp\" data-animationDuration=\"0.6\" data-animationOffset=\"top-into-view\" href=\"#areas\" aria-label=\"Link to #areas\" target=\"_self\"><\/a><\/div><\/div><\/div><\/div><div id=\"areas\" class=\"fusion-container-anchor\"><div class=\"fusion-fullwidth fullwidth-box fusion-builder-row-2 fusion-flex-container hundred-percent-fullwidth non-hundred-percent-height-scrolling\" style=\"--awb-background-position:left top;--awb-border-sizes-top:0px;--awb-border-sizes-bottom:0px;--awb-border-sizes-left:0px;--awb-border-sizes-right:0px;--awb-border-radius-top-left:0px;--awb-border-radius-top-right:0px;--awb-border-radius-bottom-right:0px;--awb-border-radius-bottom-left:0px;--awb-padding-top:100px;--awb-padding-right:12%;--awb-padding-bottom:115px;--awb-padding-left:12%;--awb-background-color:#f9f9f9;--awb-flex-wrap:wrap;\" ><div class=\"fusion-builder-row fusion-row fusion-flex-align-items-flex-start fusion-flex-content-wrap\" style=\"width:calc( 100% + 0px ) !important;max-width:calc( 100% + 0px ) !important;margin-left: calc(-0px \/ 2 );margin-right: calc(-0px \/ 2 );\"><div class=\"fusion-layout-column fusion_builder_column fusion-builder-column-1 fusion_builder_column_1_1 1_1 fusion-flex-column\" style=\"--awb-bg-size:cover;--awb-width-large:100%;--awb-margin-top-large:0px;--awb-spacing-right-large:0px;--awb-margin-bottom-large:30px;--awb-spacing-left-large:0px;--awb-width-medium:100%;--awb-spacing-right-medium:0px;--awb-spacing-left-medium:0px;--awb-width-small:100%;--awb-spacing-right-small:0px;--awb-spacing-left-small:0px;\"><div class=\"fusion-column-wrapper fusion-flex-justify-content-flex-start fusion-content-layout-column\"><style type=\"text\/css\">.fusion-portfolio-wrapper#fusion-portfolio-1 .fusion-portfolio-content{ padding: 25px 25px 25px 25px; text-align: left; }<\/style><div class=\"fusion-recent-works fusion-portfolio-element fusion-portfolio fusion-portfolio-1 fusion-portfolio-grid fusion-portfolio-paging-none fusion-portfolio-two fusion-portfolio-boxed fusion-portfolio-text fusion-portfolio-rollover\" data-id=\"-rw-1\" data-columns=\"two\"><style type=\"text\/css\">.fusion-portfolio-1 .fusion-portfolio-wrapper .fusion-col-spacing{padding:30px;}<\/style><div class=\"fusion-portfolio-wrapper\" id=\"fusion-portfolio-1\" data-picturesize=\"auto\" data-pages=\"1\" style=\"margin:-30px;\"><article id=\"portfolio-1-post-266\" class=\"fusion-portfolio-post psicoterapia fusion-col-spacing post-266\"><div class=\"fusion-portfolio-content-wrapper\" style=\"border:1px solid #ebeaea;border-bottom-width:3px;background-color:rgba(255,255,255,1);\"><span class=\"vcard rich-snippet-hidden\"><span class=\"fn\"><a href=\"https:\/\/www.sofiasoarespereira.com\/blog\/author\/sastp\/\" title=\"Artigos de Sofia Soares Pereira\" rel=\"author\">Sofia Soares Pereira<\/a><\/span><\/span><span class=\"updated rich-snippet-hidden\">2020-10-04T17:35:47+00:00<\/span><div  class=\"fusion-image-wrapper\" aria-haspopup=\"true\">\n\t\t\t\t<img decoding=\"async\" width=\"1000\" height=\"778\" src=\"https:\/\/www.sofiasoarespereira.com\/blog\/wp-content\/uploads\/2016\/08\/general-practice.jpg\" class=\"attachment-full size-full wp-post-image\" alt=\"General Practice\" \/><div class=\"fusion-rollover\">\n\t<div class=\"fusion-rollover-content\">\n\n\t\t\t\t\t\t\t\t\t\t\t\t\t\t<a class=\"fusion-rollover-link\" href=\"https:\/\/www.sofiasoarespereira.com\/blog\/portfolio-items\/psicoterapia\/\">Psicologia Cl\u00ednica e da Sa\u00fade e Psicoterapia<\/a>\n\t\t\t\n\t\t\t\t\t\t\t\t\t\t\t\t\t\t\n\t\t\t\t\t\t\t\t\n\t\t\t\t\t\t\t\t\t\t\t\t\t<div class=\"fusion-rollover-sep\"><\/div>\n\t\t\t\t\n\t\t\t\t\t\t\t\t\t\t\t\t\t\t\t\t\t\t<a class=\"fusion-rollover-gallery\" href=\"https:\/\/www.sofiasoarespereira.com\/blog\/wp-content\/uploads\/2016\/08\/general-practice.jpg\" data-id=\"266\" data-rel=\"iLightbox[gallery-rw-1]\" data-title=\"general-practice\" data-caption=\"\">\n\t\t\t\t\t\tGallery\t\t\t\t\t<\/a>\n\t\t\t\t\t\t\t\t\t\t\t\t\t\t\n\t\t\n\t\t\t\t\t\t\t\t\n\t\t\t\t\t\t\t\t\n\t\t\n\t\t\t\t\t\t<a class=\"fusion-link-wrapper\" href=\"https:\/\/www.sofiasoarespereira.com\/blog\/portfolio-items\/psicoterapia\/\" aria-label=\"Psicologia Cl\u00ednica e da Sa\u00fade e Psicoterapia\"><\/a>\n\t<\/div>\n<\/div>\n<\/div>\n<div class=\"fusion-portfolio-content\" style=\"background-color:rgba(255,255,255,1);\"><h2 class=\"entry-title fusion-post-title\"><a href=\"https:\/\/www.sofiasoarespereira.com\/blog\/portfolio-items\/psicoterapia\/\">Psicologia Cl\u00ednica e da Sa\u00fade e Psicoterapia<\/a><\/h2><div class=\"fusion-content-sep sep-single sep-solid\" style=\"border-color:#e0dede;\"><\/div><div class=\"fusion-post-content\"><p>Psicoterapia  Na psicologia cl\u00ednica e da sa\u00fade, a psicoterapia \u00e9 um tratamento desenvolvido por psic\u00f3logos\/psicoterapeutas com \u00edndices elevados de efic\u00e1cia no tratamento de doen\u00e7as como a ansiedade, depress\u00e3o ou outro tipo de perturba\u00e7\u00f5es ps\u00edquicas. A psicoterapia est\u00e1 a ser cada vez mais utilizada para a  [...]<\/p><\/div><\/div><\/div><\/article><article id=\"portfolio-1-post-479\" class=\"fusion-portfolio-post forense fusion-col-spacing post-479\"><div class=\"fusion-portfolio-content-wrapper\" style=\"border:1px solid #ebeaea;border-bottom-width:3px;background-color:rgba(255,255,255,1);\"><span class=\"vcard rich-snippet-hidden\"><span class=\"fn\"><a href=\"https:\/\/www.sofiasoarespereira.com\/blog\/author\/sastp\/\" title=\"Artigos de Sofia Soares Pereira\" rel=\"author\">Sofia Soares Pereira<\/a><\/span><\/span><span class=\"updated rich-snippet-hidden\">2020-10-04T17:36:54+00:00<\/span><div  class=\"fusion-image-wrapper\" aria-haspopup=\"true\">\n\t\t\t\t<img decoding=\"async\" width=\"1000\" height=\"778\" src=\"https:\/\/www.sofiasoarespereira.com\/blog\/wp-content\/uploads\/2015\/12\/cardiology.jpg\" class=\"attachment-full size-full wp-post-image\" alt=\"Cardiology\" \/><div class=\"fusion-rollover\">\n\t<div class=\"fusion-rollover-content\">\n\n\t\t\t\t\t\t\t\t\t\t\t\t\t\t<a class=\"fusion-rollover-link\" href=\"https:\/\/www.sofiasoarespereira.com\/blog\/portfolio-items\/psicologia-forense\/\">Psicologia Forense<\/a>\n\t\t\t\n\t\t\t\t\t\t\t\t\t\t\t\t\t\t\n\t\t\t\t\t\t\t\t\n\t\t\t\t\t\t\t\t\t\t\t\t\t<div class=\"fusion-rollover-sep\"><\/div>\n\t\t\t\t\n\t\t\t\t\t\t\t\t\t\t\t\t\t\t\t\t\t\t<a class=\"fusion-rollover-gallery\" href=\"https:\/\/www.sofiasoarespereira.com\/blog\/wp-content\/uploads\/2015\/12\/cardiology.jpg\" data-id=\"479\" data-rel=\"iLightbox[gallery-rw-1]\" data-title=\"cardiology\" data-caption=\"\">\n\t\t\t\t\t\tGallery\t\t\t\t\t<\/a>\n\t\t\t\t\t\t\t\t\t\t\t\t\t\t\n\t\t\n\t\t\t\t\t\t\t\t\n\t\t\t\t\t\t\t\t\n\t\t\n\t\t\t\t\t\t<a class=\"fusion-link-wrapper\" href=\"https:\/\/www.sofiasoarespereira.com\/blog\/portfolio-items\/psicologia-forense\/\" aria-label=\"Psicologia Forense\"><\/a>\n\t<\/div>\n<\/div>\n<\/div>\n<div class=\"fusion-portfolio-content\" style=\"background-color:rgba(255,255,255,1);\"><h2 class=\"entry-title fusion-post-title\"><a href=\"https:\/\/www.sofiasoarespereira.com\/blog\/portfolio-items\/psicologia-forense\/\">Psicologia Forense<\/a><\/h2><div class=\"fusion-content-sep sep-single sep-solid\" style=\"border-color:#e0dede;\"><\/div><div class=\"fusion-post-content\"><p>Psicologia Forense  As per\u00edcias psicol\u00f3gicas s\u00e3o utilizadas judicialmente como um instrumento de natureza psico-s\u00f3cio-jur\u00eddica de acessoria ao tribunal. As per\u00edcias pretendem transmitir de forma objectiva e imparcial informa\u00e7\u00e3o t\u00e9cnica e especializada sobre as caracter\u00edsticas de personalidade do julgado. A per\u00edcia \u00e9 mais alargada que uma  [...]<\/p><\/div><\/div><\/div><\/article><article id=\"portfolio-1-post-477\" class=\"fusion-portfolio-post avaliacao-psicologica fusion-col-spacing post-477\"><div class=\"fusion-portfolio-content-wrapper\" style=\"border:1px solid #ebeaea;border-bottom-width:3px;background-color:rgba(255,255,255,1);\"><span class=\"vcard rich-snippet-hidden\"><span class=\"fn\"><a href=\"https:\/\/www.sofiasoarespereira.com\/blog\/author\/sastp\/\" title=\"Artigos de Sofia Soares Pereira\" rel=\"author\">Sofia Soares Pereira<\/a><\/span><\/span><span class=\"updated rich-snippet-hidden\">2020-08-25T02:28:36+00:00<\/span><div  class=\"fusion-image-wrapper\" aria-haspopup=\"true\">\n\t\t\t\t<img decoding=\"async\" width=\"2000\" height=\"1231\" src=\"https:\/\/www.sofiasoarespereira.com\/blog\/wp-content\/uploads\/2015\/12\/paralax-bg-tour-facilities.jpg\" class=\"attachment-full size-full wp-post-image\" alt=\"\" \/><div class=\"fusion-rollover\">\n\t<div class=\"fusion-rollover-content\">\n\n\t\t\t\t\t\t\t\t\t\t\t\t\t\t<a class=\"fusion-rollover-link\" href=\"https:\/\/www.sofiasoarespereira.com\/blog\/portfolio-items\/avaliacao-psicologica\/\">Avalia\u00e7\u00e3o Psicol\u00f3gica<\/a>\n\t\t\t\n\t\t\t\t\t\t\t\t\t\t\t\t\t\t\n\t\t\t\t\t\t\t\t\n\t\t\t\t\t\t\t\t\t\t\t\t\t<div class=\"fusion-rollover-sep\"><\/div>\n\t\t\t\t\n\t\t\t\t\t\t\t\t\t\t\t\t\t\t\t\t\t\t<a class=\"fusion-rollover-gallery\" href=\"https:\/\/www.sofiasoarespereira.com\/blog\/wp-content\/uploads\/2015\/12\/paralax-bg-tour-facilities.jpg\" data-id=\"477\" data-rel=\"iLightbox[gallery-rw-1]\" data-title=\"paralax-bg-tour-facilities\" data-caption=\"\">\n\t\t\t\t\t\tGallery\t\t\t\t\t<\/a>\n\t\t\t\t\t\t\t\t\t\t\t\t\t\t\n\t\t\n\t\t\t\t\t\t\t\t\n\t\t\t\t\t\t\t\t\n\t\t\n\t\t\t\t\t\t<a class=\"fusion-link-wrapper\" href=\"https:\/\/www.sofiasoarespereira.com\/blog\/portfolio-items\/avaliacao-psicologica\/\" aria-label=\"Avalia\u00e7\u00e3o Psicol\u00f3gica\"><\/a>\n\t<\/div>\n<\/div>\n<\/div>\n<div class=\"fusion-portfolio-content\" style=\"background-color:rgba(255,255,255,1);\"><h2 class=\"entry-title fusion-post-title\"><a href=\"https:\/\/www.sofiasoarespereira.com\/blog\/portfolio-items\/avaliacao-psicologica\/\">Avalia\u00e7\u00e3o Psicol\u00f3gica<\/a><\/h2><div class=\"fusion-content-sep sep-single sep-solid\" style=\"border-color:#e0dede;\"><\/div><div class=\"fusion-post-content\"><p>Avalia\u00e7\u00e3o Psicol\u00f3gica  \u00c9 um procedimento t\u00e9cnico da \u00e1rea da psicologia capaz de avaliar e diagnosticar com rigor o funcionamento ps\u00edquico (personalidade) da pessoa. Normalmente a avalia\u00e7\u00e3o psicol\u00f3gica surge como resposta a um pedido ou como instrumento auxiliador da interven\u00e7\u00e3o cl\u00ednica. Pode ser solicitada sempre que  [...]<\/p><\/div><\/div><\/div><\/article><article id=\"portfolio-1-post-476\" class=\"fusion-portfolio-post orientacao-escolar-e-profissional fusion-col-spacing post-476\"><div class=\"fusion-portfolio-content-wrapper\" style=\"border:1px solid #ebeaea;border-bottom-width:3px;background-color:rgba(255,255,255,1);\"><span class=\"vcard rich-snippet-hidden\"><span class=\"fn\"><a href=\"https:\/\/www.sofiasoarespereira.com\/blog\/author\/sastp\/\" title=\"Artigos de Sofia Soares Pereira\" rel=\"author\">Sofia Soares Pereira<\/a><\/span><\/span><span class=\"updated rich-snippet-hidden\">2020-08-25T02:33:32+00:00<\/span><div  class=\"fusion-image-wrapper\" aria-haspopup=\"true\">\n\t\t\t\t<img decoding=\"async\" width=\"2000\" height=\"769\" src=\"https:\/\/www.sofiasoarespereira.com\/blog\/wp-content\/uploads\/2016\/01\/header-image-articles.jpg\" class=\"attachment-full size-full wp-post-image\" alt=\"\" \/><div class=\"fusion-rollover\">\n\t<div class=\"fusion-rollover-content\">\n\n\t\t\t\t\t\t\t\t\t\t\t\t\t\t<a class=\"fusion-rollover-link\" href=\"https:\/\/www.sofiasoarespereira.com\/blog\/portfolio-items\/orientacao-escolar-profissional\/\">Orienta\u00e7\u00e3o escolar e profissional<\/a>\n\t\t\t\n\t\t\t\t\t\t\t\t\t\t\t\t\t\t\n\t\t\t\t\t\t\t\t\n\t\t\t\t\t\t\t\t\t\t\t\t\t<div class=\"fusion-rollover-sep\"><\/div>\n\t\t\t\t\n\t\t\t\t\t\t\t\t\t\t\t\t\t\t\t\t\t\t<a class=\"fusion-rollover-gallery\" href=\"https:\/\/www.sofiasoarespereira.com\/blog\/wp-content\/uploads\/2016\/01\/header-image-articles.jpg\" data-id=\"476\" data-rel=\"iLightbox[gallery-rw-1]\" data-title=\"header-image-articles\" data-caption=\"\">\n\t\t\t\t\t\tGallery\t\t\t\t\t<\/a>\n\t\t\t\t\t\t\t\t\t\t\t\t\t\t\n\t\t\n\t\t\t\t\t\t\t\t\n\t\t\t\t\t\t\t\t\n\t\t\n\t\t\t\t\t\t<a class=\"fusion-link-wrapper\" href=\"https:\/\/www.sofiasoarespereira.com\/blog\/portfolio-items\/orientacao-escolar-profissional\/\" aria-label=\"Orienta\u00e7\u00e3o escolar e profissional\"><\/a>\n\t<\/div>\n<\/div>\n<\/div>\n<div class=\"fusion-portfolio-content\" style=\"background-color:rgba(255,255,255,1);\"><h2 class=\"entry-title fusion-post-title\"><a href=\"https:\/\/www.sofiasoarespereira.com\/blog\/portfolio-items\/orientacao-escolar-profissional\/\">Orienta\u00e7\u00e3o escolar e profissional<\/a><\/h2><div class=\"fusion-content-sep sep-single sep-solid\" style=\"border-color:#e0dede;\"><\/div><div class=\"fusion-post-content\"><p>Orienta\u00e7\u00e3o escolar e profissional  Destinada, na maior parte das vezes, a alunos do 9\u00ba ano ou 12 \u00ba ano como aux\u00edlio na decis\u00e3o da \u00e1rea acad\u00e9mica a escolher. Perante a complexidade do sistema educativo portugu\u00eas e as v\u00e1rias possibilidades de sa\u00eddas profissionais que existem os  [...]<\/p><\/div><\/div><\/div><\/article><\/div><\/div><\/div><\/div><\/div><\/div><\/div><div class=\"fusion-bg-parallax\" data-bg-align=\"center center\" data-direction=\"right\" data-mute=\"false\" data-opacity=\"100\" data-velocity=\"-0.5\" data-mobile-enabled=\"false\" data-break_parents=\"0\" data-bg-image=\"https:\/\/www.sofiasoarespereira.com\/blog\/wp-content\/uploads\/2015\/12\/make-an-appointment.jpg\" data-bg-repeat=\"false\" ><\/div><div class=\"fusion-fullwidth fullwidth-box fusion-builder-row-3 fusion-flex-container fusion-parallax-right nonhundred-percent-fullwidth non-hundred-percent-height-scrolling\" style=\"--awb-border-sizes-top:0px;--awb-border-sizes-bottom:0px;--awb-border-sizes-left:0px;--awb-border-sizes-right:0px;--awb-border-radius-top-left:0px;--awb-border-radius-top-right:0px;--awb-border-radius-bottom-right:0px;--awb-border-radius-bottom-left:0px;--awb-padding-top:130px;--awb-padding-bottom:100px;--awb-background-image:url(&quot;https:\/\/www.sofiasoarespereira.com\/blog\/wp-content\/uploads\/2015\/12\/make-an-appointment.jpg&quot;);--awb-background-size:cover;--awb-flex-wrap:wrap;\" ><div class=\"fusion-builder-row fusion-row fusion-flex-align-items-stretch fusion-flex-justify-content-center fusion-flex-content-wrap\" style=\"max-width:1216.8px;margin-left: calc(-4% \/ 2 );margin-right: calc(-4% \/ 2 );\"><div class=\"fusion-layout-column fusion_builder_column fusion-builder-column-2 fusion_builder_column_3_5 3_5 fusion-flex-column\" style=\"--awb-bg-size:cover;--awb-width-large:60%;--awb-margin-top-large:0px;--awb-spacing-right-large:3.84%;--awb-margin-bottom-large:30px;--awb-spacing-left-large:3.2%;--awb-width-medium:80%;--awb-spacing-right-medium:2.88%;--awb-spacing-left-medium:2.4%;--awb-width-small:100%;--awb-spacing-right-small:1.92%;--awb-spacing-left-small:1.92%;\"><div class=\"fusion-column-wrapper fusion-flex-justify-content-flex-start fusion-content-layout-column\"><div class=\"fusion-title title fusion-title-2 fusion-sep-none fusion-title-text fusion-title-size-two\" style=\"--awb-text-color:#ffffff;--awb-margin-bottom:20px;\"><h2 class=\"fusion-title-heading title-heading-left md-text-align-center sm-text-align-center fusion-responsive-typography-calculated\" style=\"margin:0;--fontSize:46;line-height:1.25;\">Marcar Consulta<\/h2><\/div><div class=\"fusion-title title fusion-title-3 fusion-sep-none fusion-title-text fusion-title-size-three\" style=\"--awb-text-color:#ffffff;\"><h3 class=\"fusion-title-heading title-heading-left md-text-align-center sm-text-align-center fusion-responsive-typography-calculated\" style=\"margin:0;--fontSize:22;--minFontSize:22;line-height:2.2;\">Estamos aqui para si. Envie a sua prefer\u00eancia de hor\u00e1rio e entraremos em contacto assim que poss\u00edvel. Se a situa\u00e7\u00e3o for urgente, utilize por favor os contactos telef\u00f3nicos.<\/h3><\/div><\/div><\/div><div class=\"fusion-layout-column fusion_builder_column fusion-builder-column-3 fusion_builder_column_2_5 2_5 fusion-flex-column\" style=\"--awb-bg-size:cover;--awb-width-large:40%;--awb-margin-top-large:0px;--awb-spacing-right-large:4.8%;--awb-margin-bottom-large:30px;--awb-spacing-left-large:3.84%;--awb-width-medium:100%;--awb-spacing-right-medium:1.92%;--awb-spacing-left-medium:1.92%;--awb-width-small:100%;--awb-spacing-right-small:1.92%;--awb-spacing-left-small:1.92%;\"><div class=\"fusion-column-wrapper fusion-flex-justify-content-center fusion-content-layout-column\"><div style=\"text-align:center;\"><a class=\"fusion-button button-flat button-xlarge button-default fusion-button-default button-1 fusion-button-default-span fusion-button-default-type\" style=\"width:calc(100%);\" target=\"_self\" href=\"https:\/\/www.sofiasoarespereira.com\/blog\/make-appointment\/\"><span class=\"fusion-button-text\">Marcar consulta<\/span><\/a><\/div><\/div><\/div><\/div><\/div><div class=\"fusion-fullwidth fullwidth-box fusion-builder-row-4 fusion-flex-container nonhundred-percent-fullwidth non-hundred-percent-height-scrolling\" style=\"--awb-background-position:left top;--awb-border-sizes-top:0px;--awb-border-sizes-bottom:0px;--awb-border-sizes-left:0px;--awb-border-sizes-right:0px;--awb-border-radius-top-left:0px;--awb-border-radius-top-right:0px;--awb-border-radius-bottom-right:0px;--awb-border-radius-bottom-left:0px;--awb-padding-top:60px;--awb-padding-bottom:20px;--awb-flex-wrap:wrap;\" ><div class=\"fusion-builder-row fusion-row fusion-flex-align-items-flex-start fusion-flex-justify-content-center fusion-flex-content-wrap\" style=\"max-width:1216.8px;margin-left: calc(-4% \/ 2 );margin-right: calc(-4% \/ 2 );\"><div class=\"fusion-layout-column fusion_builder_column fusion-builder-column-4 fusion_builder_column_1_1 1_1 fusion-flex-column\" style=\"--awb-bg-size:cover;--awb-width-large:100%;--awb-margin-top-large:0px;--awb-spacing-right-large:1.92%;--awb-margin-bottom-large:0px;--awb-spacing-left-large:1.92%;--awb-width-medium:100%;--awb-spacing-right-medium:1.92%;--awb-spacing-left-medium:1.92%;--awb-width-small:100%;--awb-spacing-right-small:1.92%;--awb-spacing-left-small:1.92%;\"><div class=\"fusion-column-wrapper fusion-flex-justify-content-flex-start fusion-content-layout-column\"><div class=\"fusion-content-boxes content-boxes columns row fusion-columns-2 fusion-columns-total-2 fusion-content-boxes-1 content-boxes-icon-on-top content-left\" style=\"--awb-hover-accent-color:#3bafbf;--awb-circle-hover-accent-color:#3bafbf;\" data-animationOffset=\"top-into-view\"><div style=\"--awb-backgroundcolor:rgba(255,255,255,0);\" class=\"fusion-column content-box-column content-box-column content-box-column-1 col-lg-6 col-md-6 col-sm-6 fusion-content-box-hover content-box-column-first-in-row\"><div class=\"col content-box-wrapper content-wrapper link-area-box link-type-text content-icon-wrapper-yes icon-hover-animation-fade\" data-link=\"https:\/\/www2.ers.pt\/DMZ\/Pesquisa\/View.aspx?id=27073&amp;concelhoId=&amp;distritoId=&amp;codPostal=&amp;codPostal3=&amp;especialidadeId=\" data-link-target=\"_blank\" data-animationOffset=\"top-into-view\"><div class=\"heading heading-with-icon icon-left\"><a class=\"heading-link\" href=\"https:\/\/www2.ers.pt\/DMZ\/Pesquisa\/View.aspx?id=27073&amp;concelhoId=&amp;distritoId=&amp;codPostal=&amp;codPostal3=&amp;especialidadeId=\" target=\"_blank\" rel=\"noopener noreferrer\"><div aria-hidden=\"true\" class=\"image\"><img decoding=\"async\" src=\"https:\/\/www.sofiasoarespereira.com\/blog\/wp-content\/uploads\/2020\/10\/ers.png\" width=\"200\" height=\"105.26\" alt=\"Entidade Reguladora da Sa+ude\" \/><\/div><h2 class=\"content-box-heading fusion-responsive-typography-calculated\" style=\"--h2_typography-font-size:22px;--fontSize:22;line-height:1.25;\">ENTIDADE REGULADORA DA SA\u00daDE<\/h2><\/a><\/div><\/div><\/div><div style=\"--awb-backgroundcolor:rgba(255,255,255,0);\" class=\"fusion-column content-box-column content-box-column content-box-column-2 col-lg-6 col-md-6 col-sm-6 fusion-content-box-hover content-box-column-last content-box-column-last-in-row\"><div class=\"col content-box-wrapper content-wrapper link-area-box link-type-text content-icon-wrapper-yes icon-hover-animation-fade\" data-link=\"https:\/\/www.ordemdospsicologos.pt\/pt\/membros\" data-link-target=\"_blank\" data-animationOffset=\"top-into-view\"><div class=\"heading heading-with-icon icon-left\"><a class=\"heading-link\" href=\"https:\/\/www.ordemdospsicologos.pt\/pt\/membros\" target=\"_blank\" rel=\"noopener noreferrer\"><div aria-hidden=\"true\" class=\"image\"><img decoding=\"async\" src=\"https:\/\/www.sofiasoarespereira.com\/blog\/wp-content\/uploads\/2020\/10\/opp.png\" width=\"100\" height=\"119.05\" alt=\"Ordem dos Psic\u00f3logos\" \/><\/div><h2 class=\"content-box-heading fusion-responsive-typography-calculated\" style=\"--h2_typography-font-size:22px;--fontSize:22;line-height:1.25;\">ORDEM DOS PSIC\u00d3LOGOS PORTUGUESES<\/h2><\/a><\/div><div class=\"fusion-clearfix\"><\/div><div class=\"content-container\">\n<\/div><\/div><\/div><div class=\"fusion-clearfix\"><\/div><\/div><\/div><\/div><\/div><\/div>\n<\/p>\n","protected":false},"excerpt":{"rendered":"","protected":false},"author":1,"featured_media":0,"parent":0,"menu_order":0,"comment_status":"closed","ping_status":"closed","template":"100-width.php","meta":{"footnotes":""},"acf":[],"_links":{"self":[{"href":"https:\/\/www.sofiasoarespereira.com\/blog\/wp-json\/wp\/v2\/pages\/9"}],"collection":[{"href":"https:\/\/www.sofiasoarespereira.com\/blog\/wp-json\/wp\/v2\/pages"}],"about":[{"href":"https:\/\/www.sofiasoarespereira.com\/blog\/wp-json\/wp\/v2\/types\/page"}],"author":[{"embeddable":true,"href":"https:\/\/www.sofiasoarespereira.com\/blog\/wp-json\/wp\/v2\/users\/1"}],"replies":[{"embeddable":true,"href":"https:\/\/www.sofiasoarespereira.com\/blog\/wp-json\/wp\/v2\/comments?post=9"}],"version-history":[{"count":13,"href":"https:\/\/www.sofiasoarespereira.com\/blog\/wp-json\/wp\/v2\/pages\/9\/revisions"}],"predecessor-version":[{"id":996,"href":"https:\/\/www.sofiasoarespereira.com\/blog\/wp-json\/wp\/v2\/pages\/9\/revisions\/996"}],"wp:attachment":[{"href":"https:\/\/www.sofiasoarespereira.com\/blog\/wp-json\/wp\/v2\/media?parent=9"}],"curies":[{"name":"wp","href":"https:\/\/api.w.org\/{rel}","templated":true}]}}